{"id":121,"date":"2020-07-24T20:17:52","date_gmt":"2020-07-24T18:17:52","guid":{"rendered":"https:\/\/i-pro.hu\/?page_id=121"},"modified":"2025-05-12T13:37:21","modified_gmt":"2025-05-12T11:37:21","slug":"allasajanlatok","status":"publish","type":"page","link":"https:\/\/i-pro.hu\/?page_id=121","title":{"rendered":"\u00c1ll\u00e1saj\u00e1nlatok"},"content":{"rendered":"\n<div class=\"wp-container-1 wp-block-group has-subtle-background-color has-text-color\"><div class=\"wp-block-group__inner-container\">\n<h3><strong>Oper\u00e1tor\/Gy\u00e1rt\u00f3sori \u00f6sszeszerel\u0151<\/strong><\/h3>\n\n\n\n<h6>F\u0151bb feladatok<\/h6>\n\n\n\n<ul><li>Elektronikai alkatr\u00e9szek \u00f6sszeszerel\u00e9se a rendelkez\u00e9sre \u00e1ll\u00f3 m\u0171veleti, csomagol\u00e1si utas\u00edt\u00e1sok \u00e9s vizu\u00e1lis seg\u00e9dletek alapj\u00e1n.<\/li><li>Az el\u0151\u00edrt ellen\u0151rz\u00e9sek elv\u00e9gz\u00e9se \u00e9s dokument\u00e1l\u00e1sa.<\/li><li>A munkahelyi rend \u00e9s fegyelem valamint a v\u00e1llalatn\u00e1l \u00e9rv\u00e9nyben l\u00e9v\u0151 szab\u00e1lyok betart\u00e1sa.<\/li><\/ul>\n\n\n\n<h6>\u00c1ll\u00e1shoz tartoz\u00f3 elv\u00e1r\u00e1sok<\/h6>\n\n\n\n<ul><li>minimum \u00e1ltal\u00e1nos iskolai v\u00e9gzetts\u00e9g<\/li><li>precizit\u00e1s, fegyelmezetts\u00e9g<\/li><li>8 vagy 12 \u00f3r\u00e1s munkarend<\/li><li>\u00fcl\u0151 munka<\/li><\/ul>\n\n\n\n<h6>Amit c\u00e9g\u00fcnk k\u00edn\u00e1l<\/h6>\n\n\n\n<ul><li>versenyk\u00e9pes j\u00f6vedelem, munk\u00e1ba j\u00e1r\u00e1s k\u00f6lts\u00e9gt\u00e9r\u00edt\u00e9s<\/li><li>modern munkak\u00f6rnyezet, lend\u00fcletes, fiatalos csapat<\/li><li>tanul\u00e1si, k\u00e9pz\u00e9si lehet\u0151s\u00e9g<\/li><li>kih\u00edv\u00e1sokban gazdag feladatok<\/li><li>8\/12 \u00f3r\u00e1s munkarend<\/li><\/ul>\n\n\n\n<h3><strong>Karbantart\u00f3-m\u0171szer\u00e9sz<\/strong><\/h3>\n\n\n\n<h6>F\u0151bb feladatok<\/h6>\n\n\n\n<ul><li>A termel\u00e9st kiszolg\u00e1l\u00f3 berendez\u00e9sek gy\u00e1rt\u00e1shoz val\u00f3 el\u0151k\u00e9sz\u00edt\u00e9se, gy\u00e1rt\u00e1sok ut\u00e1ni sz\u00e9tszerel\u00e9se, elpakol\u00e1sa.<\/li><li>Termel\u0151eszk\u00f6z\u00f6k el\u0151\u00edr\u00e1s szerinti \u00fczemeltet\u00e9se, hibakeres\u00e9s, hibaelh\u00e1r\u00edt\u00e1s.<\/li><li>Eseti \u00e9s megel\u0151z\u0151 karbantart\u00e1sok, fel\u00fclvizsg\u00e1latok, tiszt\u00edt\u00e1sok elv\u00e9gz\u00e9se, a tev\u00e9kenys\u00e9gek dokument\u00e1l\u00e1sa.<\/li><\/ul>\n\n\n\n<h6>\u00c1ll\u00e1shoz tartoz\u00f3 elv\u00e1r\u00e1sok<\/h6>\n\n\n\n<ul><li>szakir\u00e1ny\u00fa v\u00e9gzetts\u00e9g vagy egy\u00e9b mechanikai\/elektronikai v\u00e9gzetts\u00e9g vagy tapasztalat<\/li><li>megb\u00edzhat\u00f3s\u00e1g<\/li><li>t\u00f6bb m\u0171szakos munkarend<\/li><\/ul>\n\n\n\n<h6>Amit c\u00e9g\u00fcnk k\u00edn\u00e1l<\/h6>\n\n\n\n<ul><li>versenyk\u00e9pes j\u00f6vedelem, munk\u00e1ba j\u00e1r\u00e1s k\u00f6lts\u00e9gt\u00e9r\u00edt\u00e9s<\/li><li>modern munkak\u00f6rnyezet, lend\u00fcletes, fiatalos csapat<\/li><li>tanul\u00e1si, k\u00e9pz\u00e9si lehet\u0151s\u00e9g<\/li><li>kih\u00edv\u00e1sokban gazdag feladatok<\/li><\/ul>\n\n\n\n<h3><strong>Teherg\u00e9pj\u00e1rm\u0171 vezet\u0151<\/strong><\/h3>\n\n\n\n<h6>F\u0151bb feladatok<\/h6>\n\n\n\n<ul><li>A termel\u00e9shez sz\u00fcks\u00e9ges alapanyagok, csomagol\u00f3anyagok, valamint a k\u00e9szterm\u00e9kek sz\u00e1ll\u00edt\u00e1sa.<\/li><li>Az \u00e1ruk sz\u00e1ll\u00edt\u00e1sa sor\u00e1n \u00fcgyelni kell azok \u00e9ps\u00e9g\u00e9re: megfelel\u0151 berakod\u00e1s, \u00e1rur\u00f6gz\u00edt\u00e9s, vezet\u00e9stechnika stb.<\/li><li>Balesetmentes k\u00f6zleked\u00e9s.<\/li><li>A g\u00e9pkocsi m\u0171szaki \u00e1llapot\u00e1nak folyamatos ellen\u0151rz\u00e9se, \u00e1llag\u00e1nak meg\u00f3v\u00e1sa, b\u00e1rmilyen rendelleness\u00e9g\u00e9nek jelz\u00e9se.<\/li><li>A sz\u00e1ll\u00edt\u00e1si utas\u00edt\u00e1sban foglaltak betart\u00e1sa.<\/li><\/ul>\n\n\n\n<h6>\u00c1ll\u00e1shoz tartoz\u00f3 elv\u00e1r\u00e1sok<\/h6>\n\n\n\n<ul><li>C kateg\u00f3ri\u00e1s jogos\u00edtv\u00e1ny<\/li><li>GKI k\u00e1rtya<\/li><li>Digit\u00e1lis tachogr\u00e1f k\u00e1rtya<\/li><li>H\u00e9tv\u00e9gi munkav\u00e9gz\u00e9s<\/li><\/ul>\n\n\n\n<h6>Amit c\u00e9g\u00fcnk k\u00edn\u00e1l<\/h6>\n\n\n\n<ul><li>versenyk\u00e9pes j\u00f6vedelem, munk\u00e1ba j\u00e1r\u00e1s k\u00f6lts\u00e9gt\u00e9r\u00edt\u00e9s<\/li><li>modern munkak\u00f6rnyezet, lend\u00fcletes, fiatalos csapat<\/li><li>kih\u00edv\u00e1sokban gazdag feladatok<\/li><\/ul>\n<\/div><\/div>\n\n\n\n<div class=\"wp-container-2 wp-block-group has-subtle-background-color has-text-color\"><div class=\"wp-block-group__inner-container\">\n<h3><strong>Rakt\u00e1ros, anyagmozgat\u00f3<\/strong><\/h3>\n\n\n\n<h6>F\u0151bb feladatok<\/h6>\n\n\n\n<ul><li>Rakt\u00e1ron bel\u00fcli anyagmozgat\u00e1s<\/li><li>Rakt\u00e1rban l\u00e9v\u0151 alapanyagok \u00f6sszek\u00e9sz\u00edt\u00e9se, kiad\u00e1sa gy\u00e1rt\u00e1sra<\/li><li>Be\u00e9rkez\u0151 alapanyagok bepakol\u00e1sa<\/li><\/ul>\n\n\n\n<h6>\u00c1ll\u00e1shoz tartoz\u00f3 elv\u00e1r\u00e1sok<\/h6>\n\n\n\n<ul><li>Min. 8 \u00e1ltal\u00e1nos iskolai v\u00e9gzetts\u00e9g<\/li><li>Nagy teherb\u00edr\u00f3 k\u00e9pess\u00e9g<\/li><li>Pontos, prec\u00edz munkav\u00e9gz\u00e9s<\/li><li>K\u00e9t m\u0171szakos munkav\u00e9gz\u00e9s v\u00e1llal\u00e1sa<\/li><li>El\u0151ny: gyalog k\u00eds\u00e9ret\u0171 targonca ir\u00e1ny\u00edt\u00e1sa, rakt\u00e1ros tapasztalat<\/li><\/ul>\n\n\n\n<h6>Amit c\u00e9g\u00fcnk k\u00edn\u00e1l<\/h6>\n\n\n\n<ul><li>versenyk\u00e9pes j\u00f6vedelem<\/li><li>hossz\u00fat\u00e1v\u00fa munkalehet\u0151s\u00e9g<\/li><li>cafeteria<\/li><li>munk\u00e1ba j\u00e1r\u00e1s k\u00f6lts\u00e9gt\u00e9r\u00edt\u00e9s<\/li><li>modern munkak\u00f6rnyezet<\/li><\/ul>\n\n\n\n<h3>Munkav\u00e9gz\u00e9s helye<\/h3>\n\n\n\n<p>Esztergom-Kertv\u00e1ros, Jarosik Jakab u. 2.<\/p>\n<\/div><\/div>\n\n\n\n<h3 class=\"has-subtle-background-color has-text-color\">Jelentkez\u00e9s m\u00f3dja<\/h3>\n\n\n\n<p class=\"has-subtle-background-color has-text-color\">Magyar nyelv\u0171 f\u00e9nyk\u00e9pes \u00f6n\u00e9letrajz\u00e1t a <a href=\"mailto:hr@i-pro.hu\">hr@i-pro.hu<\/a> email c\u00edmre v\u00e1rjuk. Tov\u00e1bbi inform\u00e1ci\u00f3\u00e9rt k\u00e9rj\u00fck t\u00e1rcs\u00e1zza a +36 70 423 7140-es telefonsz\u00e1mot H-P 8:00-16:00 \u00f3ra k\u00f6z\u00f6tt.<\/p>\n\n\n\n<p><\/p>\n","protected":false},"excerpt":{"rendered":"<p>Oper\u00e1tor\/Gy\u00e1rt\u00f3sori \u00f6sszeszerel\u0151 F\u0151bb feladatok Elektronikai alkatr\u00e9szek \u00f6sszeszerel\u00e9se a rendelkez\u00e9sre \u00e1ll\u00f3 m\u0171veleti, csomagol\u00e1si utas\u00edt\u00e1sok \u00e9s vizu\u00e1lis seg\u00e9dletek alapj\u00e1n. Az el\u0151\u00edrt ellen\u0151rz\u00e9sek elv\u00e9gz\u00e9se \u00e9s dokument\u00e1l\u00e1sa. A munkahelyi rend \u00e9s fegyelem valamint a v\u00e1llalatn\u00e1l \u00e9rv\u00e9nyben l\u00e9v\u0151 szab\u00e1lyok betart\u00e1sa. \u00c1ll\u00e1shoz tartoz\u00f3 elv\u00e1r\u00e1sok minimum \u00e1ltal\u00e1nos iskolai v\u00e9gzetts\u00e9g precizit\u00e1s, fegyelmezetts\u00e9g 8 vagy 12 \u00f3r\u00e1s munkarend \u00fcl\u0151 munka Amit c\u00e9g\u00fcnk k\u00edn\u00e1l versenyk\u00e9pes j\u00f6vedelem, munk\u00e1ba j\u00e1r\u00e1s k\u00f6lts\u00e9gt\u00e9r\u00edt\u00e9s modern munkak\u00f6rnyezet, lend\u00fcletes, fiatalos csapat tanul\u00e1si, k\u00e9pz\u00e9si lehet\u0151s\u00e9g kih\u00edv\u00e1sokban gazdag feladatok 8\/12 \u00f3r\u00e1s munkarend Karbantart\u00f3-m\u0171szer\u00e9sz F\u0151bb feladatok A termel\u00e9st kiszolg\u00e1l\u00f3 berendez\u00e9sek gy\u00e1rt\u00e1shoz val\u00f3 el\u0151k\u00e9sz\u00edt\u00e9se, gy\u00e1rt\u00e1sok ut\u00e1ni sz\u00e9tszerel\u00e9se, elpakol\u00e1sa. Termel\u0151eszk\u00f6z\u00f6k el\u0151\u00edr\u00e1s szerinti \u00fczemeltet\u00e9se, hibakeres\u00e9s, hibaelh\u00e1r\u00edt\u00e1s. Eseti \u00e9s megel\u0151z\u0151 karbantart\u00e1sok, fel\u00fclvizsg\u00e1latok, tiszt\u00edt\u00e1sok elv\u00e9gz\u00e9se, a tev\u00e9kenys\u00e9gek dokument\u00e1l\u00e1sa. \u00c1ll\u00e1shoz tartoz\u00f3 elv\u00e1r\u00e1sok szakir\u00e1ny\u00fa v\u00e9gzetts\u00e9g vagy egy\u00e9b mechanikai\/elektronikai v\u00e9gzetts\u00e9g vagy tapasztalat megb\u00edzhat\u00f3s\u00e1g t\u00f6bb m\u0171szakos munkarend Amit c\u00e9g\u00fcnk k\u00edn\u00e1l versenyk\u00e9pes j\u00f6vedelem, munk\u00e1ba j\u00e1r\u00e1s k\u00f6lts\u00e9gt\u00e9r\u00edt\u00e9s modern munkak\u00f6rnyezet, lend\u00fcletes, fiatalos csapat tanul\u00e1si, k\u00e9pz\u00e9si lehet\u0151s\u00e9g kih\u00edv\u00e1sokban gazdag feladatok Teherg\u00e9pj\u00e1rm\u0171 vezet\u0151 F\u0151bb feladatok A termel\u00e9shez sz\u00fcks\u00e9ges alapanyagok, csomagol\u00f3anyagok, valamint a k\u00e9szterm\u00e9kek sz\u00e1ll\u00edt\u00e1sa. Az \u00e1ruk sz\u00e1ll\u00edt\u00e1sa sor\u00e1n \u00fcgyelni kell azok \u00e9ps\u00e9g\u00e9re: megfelel\u0151 berakod\u00e1s, \u00e1rur\u00f6gz\u00edt\u00e9s, vezet\u00e9stechnika stb. Balesetmentes k\u00f6zleked\u00e9s. A g\u00e9pkocsi m\u0171szaki \u00e1llapot\u00e1nak folyamatos ellen\u0151rz\u00e9se, \u00e1llag\u00e1nak meg\u00f3v\u00e1sa, b\u00e1rmilyen rendelleness\u00e9g\u00e9nek jelz\u00e9se. A sz\u00e1ll\u00edt\u00e1si utas\u00edt\u00e1sban foglaltak betart\u00e1sa. \u00c1ll\u00e1shoz tartoz\u00f3 elv\u00e1r\u00e1sok C kateg\u00f3ri\u00e1s jogos\u00edtv\u00e1ny GKI k\u00e1rtya Digit\u00e1lis tachogr\u00e1f k\u00e1rtya H\u00e9tv\u00e9gi munkav\u00e9gz\u00e9s Amit c\u00e9g\u00fcnk k\u00edn\u00e1l versenyk\u00e9pes j\u00f6vedelem, munk\u00e1ba j\u00e1r\u00e1s k\u00f6lts\u00e9gt\u00e9r\u00edt\u00e9s modern munkak\u00f6rnyezet, lend\u00fcletes, fiatalos csapat kih\u00edv\u00e1sokban gazdag feladatok Rakt\u00e1ros, anyagmozgat\u00f3 F\u0151bb feladatok Rakt\u00e1ron bel\u00fcli anyagmozgat\u00e1s Rakt\u00e1rban l\u00e9v\u0151 alapanyagok \u00f6sszek\u00e9sz\u00edt\u00e9se, kiad\u00e1sa gy\u00e1rt\u00e1sra Be\u00e9rkez\u0151 alapanyagok bepakol\u00e1sa \u00c1ll\u00e1shoz tartoz\u00f3 elv\u00e1r\u00e1sok Min. 8 \u00e1ltal\u00e1nos iskolai v\u00e9gzetts\u00e9g Nagy teherb\u00edr\u00f3 k\u00e9pess\u00e9g Pontos, prec\u00edz munkav\u00e9gz\u00e9s K\u00e9t m\u0171szakos munkav\u00e9gz\u00e9s v\u00e1llal\u00e1sa El\u0151ny: gyalog k\u00eds\u00e9ret\u0171 targonca ir\u00e1ny\u00edt\u00e1sa, rakt\u00e1ros tapasztalat Amit c\u00e9g\u00fcnk k\u00edn\u00e1l versenyk\u00e9pes j\u00f6vedelem hossz\u00fat\u00e1v\u00fa munkalehet\u0151s\u00e9g cafeteria munk\u00e1ba j\u00e1r\u00e1s k\u00f6lts\u00e9gt\u00e9r\u00edt\u00e9s modern munkak\u00f6rnyezet Munkav\u00e9gz\u00e9s helye Esztergom-Kertv\u00e1ros, Jarosik Jakab u. 2. Jelentkez\u00e9s m\u00f3dja Magyar nyelv\u0171 f\u00e9nyk\u00e9pes \u00f6n\u00e9letrajz\u00e1t a hr@i-pro.hu email c\u00edmre v\u00e1rjuk. Tov\u00e1bbi inform\u00e1ci\u00f3\u00e9rt k\u00e9rj\u00fck t\u00e1rcs\u00e1zza a +36 70 423 7140-es telefonsz\u00e1mot H-P 8:00-16:00 \u00f3ra k\u00f6z\u00f6tt.<\/p>\n","protected":false},"author":2,"featured_media":0,"parent":0,"menu_order":0,"comment_status":"closed","ping_status":"closed","template":"templates\/template-full-width.php","meta":[],"_links":{"self":[{"href":"https:\/\/i-pro.hu\/index.php?rest_route=\/wp\/v2\/pages\/121"}],"collection":[{"href":"https:\/\/i-pro.hu\/index.php?rest_route=\/wp\/v2\/pages"}],"about":[{"href":"https:\/\/i-pro.hu\/index.php?rest_route=\/wp\/v2\/types\/page"}],"author":[{"embeddable":true,"href":"https:\/\/i-pro.hu\/index.php?rest_route=\/wp\/v2\/users\/2"}],"replies":[{"embeddable":true,"href":"https:\/\/i-pro.hu\/index.php?rest_route=%2Fwp%2Fv2%2Fcomments&post=121"}],"version-history":[{"count":48,"href":"https:\/\/i-pro.hu\/index.php?rest_route=\/wp\/v2\/pages\/121\/revisions"}],"predecessor-version":[{"id":378,"href":"https:\/\/i-pro.hu\/index.php?rest_route=\/wp\/v2\/pages\/121\/revisions\/378"}],"wp:attachment":[{"href":"https:\/\/i-pro.hu\/index.php?rest_route=%2Fwp%2Fv2%2Fmedia&parent=121"}],"curies":[{"name":"wp","href":"https:\/\/api.w.org\/{rel}","templated":true}]}}